{"version":"1.0","provider_name":"Amat Immobiliaris","provider_url":"https:\/\/www.amatimmobiliaris.com\/w\/ca\/","author_name":"Amat Immobiliaris","author_url":"https:\/\/www.amatimmobiliaris.com\/w\/ca\/author\/sinapsis\/","title":"Quina \u00e9s la hist\u00f2ria de l'edifici espanya? | Amat Immobiliaris","type":"rich","width":600,"height":338,"html":"<blockquote class=\"wp-embedded-content\" data-secret=\"hKK12wYhDH\"><a href=\"https:\/\/www.amatimmobiliaris.com\/w\/ca\/2016\/02\/quina-la-historia-ledifici-espanya\/\">Quina \u00e9s la hist\u00f2ria de l&#8217;edifici espanya?<\/a><\/blockquote><iframe sandbox=\"allow-scripts\" security=\"restricted\" src=\"https:\/\/www.amatimmobiliaris.com\/w\/ca\/2016\/02\/quina-la-historia-ledifici-espanya\/embed\/#?secret=hKK12wYhDH\" width=\"600\" height=\"338\" title=\"&#8220;Quina \u00e9s la hist\u00f2ria de l&#8217;edifici espanya?&#8221; &#8212; Amat Immobiliaris\" data-secret=\"hKK12wYhDH\" frameborder=\"0\" marginwidth=\"0\" marginheight=\"0\" scrolling=\"no\" class=\"wp-embedded-content\"><\/iframe><script>\n\/*! This file is auto-generated *\/\n!function(d,l){\"use strict\";l.querySelector&&d.addEventListener&&\"undefined\"!=typeof URL&&(d.wp=d.wp||{},d.wp.receiveEmbedMessage||(d.wp.receiveEmbedMessage=function(e){var t=e.data;if((t||t.secret||t.message||t.value)&&!\/[^a-zA-Z0-9]\/.test(t.secret)){for(var s,r,n,a=l.querySelectorAll('iframe[data-secret=\"'+t.secret+'\"]'),o=l.querySelectorAll('blockquote[data-secret=\"'+t.secret+'\"]'),c=new RegExp(\"^https?:$\",\"i\"),i=0;i<o.length;i++)o[i].style.display=\"none\";for(i=0;i<a.length;i++)s=a[i],e.source===s.contentWindow&&(s.removeAttribute(\"style\"),\"height\"===t.message?(1e3<(r=parseInt(t.value,10))?r=1e3:~~r<200&&(r=200),s.height=r):\"link\"===t.message&&(r=new URL(s.getAttribute(\"src\")),n=new URL(t.value),c.test(n.protocol))&&n.host===r.host&&l.activeElement===s&&(d.top.location.href=t.value))}},d.addEventListener(\"message\",d.wp.receiveEmbedMessage,!1),l.addEventListener(\"DOMContentLoaded\",function(){for(var e,t,s=l.querySelectorAll(\"iframe.wp-embedded-content\"),r=0;r<s.length;r++)(t=(e=s[r]).getAttribute(\"data-secret\"))||(t=Math.random().toString(36).substring(2,12),e.src+=\"#?secret=\"+t,e.setAttribute(\"data-secret\",t)),e.contentWindow.postMessage({message:\"ready\",secret:t},\"*\")},!1)))}(window,document);\n<\/script>\n","thumbnail_url":"https:\/\/www.amatimmobiliaris.com\/w\/wp-content\/uploads\/2022\/01\/Edificio_Espaa_Madrid_04-scaled.jpg","thumbnail_width":2560,"thumbnail_height":1916,"description":"Des de la compra de l&#8217;Edifici Espanya, a Madrid, pel grup empresarial xin\u00e8s Wanda el 2014, el flux de not\u00edcies del conflicte no ha parat. Despr\u00e9s de la seva venda el 2005 per part de Metrovacesa per un total de 389 milions d&#8217;euros i la posterior adquisici\u00f3 del 50% de l&#8217;edifici per Santander Real Estate, [&hellip;]"}